{"id":28631,"date":"2026-08-18T10:14:08","date_gmt":"2026-08-18T08:14:08","guid":{"rendered":"https:\/\/www.empacksthlm.se\/?post_type=guest&#038;p=28631"},"modified":"2026-08-18T10:55:42","modified_gmt":"2026-08-18T08:55:42","slug":"alina-eva-arnelle","status":"publish","type":"guest","link":"https:\/\/www.empacksthlm.se\/sv\/speaker\/alina-eva-arnelle\/","title":{"rendered":"Alina Eva Arnelle"},"content":{"rendered":"\n<p><strong>Alina Eva Arnelle \u00e4r Head of Sustainability p\u00e5 DS Smith med ansvar f\u00f6r Norden och Baltikum. Alina arbetar n\u00e4ra kunder f\u00f6r att hj\u00e4lpa dem att n\u00e5 sina h\u00e5llbarhetsm\u00e5l genom mer cirkul\u00e4ra f\u00f6rpackningsl\u00f6sningar. Hon st\u00f6djer kunder i att f\u00f6rst\u00e5 hur f\u00f6rpackningsdesign, materialval och cirkul\u00e4ra strategier kan bidra till b\u00e5de minskad milj\u00f6p\u00e5verkan och \u00f6kat aff\u00e4rsv\u00e4rde. Genom att koppla samman DS Smiths h\u00e5llbarhetsarbete med kundernas egna ambitioner bidrar hon till att skapa l\u00e5ngsiktigt v\u00e4rde genom hela v\u00e4rdekedjan.<\/strong><\/p>\n\n\n\n<p><strong>P\u00e5 Empack kommer Alina att dela perspektiv p\u00e5 cirkularitet och visa hur DS Smiths l\u00f6sningar kan hj\u00e4lpa f\u00f6retag i omst\u00e4llningen till en mer cirkul\u00e4r ekonomi.<\/strong><\/p>\n","protected":false},"excerpt":{"rendered":"<p>Head of Sustainability p\u00e5 DS Smith<\/p>\n","protected":false},"featured_media":28632,"template":"","meta":{"_seopress_titles_title":"","_seopress_titles_desc":"","_seopress_robots_index":"","_seopress_robots_follow":"","_seopress_robots_imageindex":"","_seopress_robots_snippet":"","_seopress_robots_primary_cat":"","_seopress_robots_breadcrumbs":"","_seopress_robots_freeze_modified_date":"","_seopress_robots_custom_modified_date":"","_seopress_robots_canonical":"","_seopress_social_fb_title":"","_seopress_social_fb_desc":"","_seopress_social_fb_img":"","_seopress_social_fb_img_attachment_id":0,"_seopress_social_fb_img_width":0,"_seopress_social_fb_img_height":0,"_seopress_social_twitter_title":"","_seopress_social_twitter_desc":"","_seopress_social_twitter_img":"","_seopress_social_twitter_img_attachment_id":0,"_seopress_social_twitter_img_width":0,"_seopress_social_twitter_img_height":0,"_seopress_redirections_value":"","_seopress_redirections_enabled":"","_seopress_redirections_enabled_regex":"","_seopress_redirections_logged_status":"","_seopress_redirections_param":"","_seopress_redirections_type":0,"_seopress_analysis_target_kw":"","_seopress_news_disabled":"","_seopress_video_disabled":"","_seopress_video":[],"_seopress_pro_schemas_manual":[],"_seopress_pro_rich_snippets_disable_all":"","_seopress_pro_rich_snippets_disable":[],"_seopress_pro_schemas":[],"_company_name":"","_job_title":"","_visit_me":"","_email":"","_linkedin":"","_twitter":"","_facebook":"","_instagram":"","_youtube":"","_imdb":"","footnotes":""},"edition":[475],"guest_type":[],"work":[],"class_list":["post-28631","guest","type-guest","status-publish","has-post-thumbnail","hentry","edition-empack-stockholm-2026"],"_cover_image":null,"_links":{"self":[{"href":"https:\/\/www.empacksthlm.se\/sv\/wp-json\/wp\/v2\/guest\/28631","targetHints":{"allow":["GET"]}}],"collection":[{"href":"https:\/\/www.empacksthlm.se\/sv\/wp-json\/wp\/v2\/guest"}],"about":[{"href":"https:\/\/www.empacksthlm.se\/sv\/wp-json\/wp\/v2\/types\/guest"}],"version-history":[{"count":3,"href":"https:\/\/www.empacksthlm.se\/sv\/wp-json\/wp\/v2\/guest\/28631\/revisions"}],"predecessor-version":[{"id":28636,"href":"https:\/\/www.empacksthlm.se\/sv\/wp-json\/wp\/v2\/guest\/28631\/revisions\/28636"}],"wp:featuredmedia":[{"embeddable":true,"href":"https:\/\/www.empacksthlm.se\/sv\/wp-json\/wp\/v2\/media\/28632"}],"wp:attachment":[{"href":"https:\/\/www.empacksthlm.se\/sv\/wp-json\/wp\/v2\/media?parent=28631"}],"wp:term":[{"taxonomy":"edition","embeddable":true,"href":"https:\/\/www.empacksthlm.se\/sv\/wp-json\/wp\/v2\/edition?post=28631"},{"taxonomy":"guest_type","embeddable":true,"href":"https:\/\/www.empacksthlm.se\/sv\/wp-json\/wp\/v2\/guest_type?post=28631"},{"taxonomy":"work","embeddable":true,"href":"https:\/\/www.empacksthlm.se\/sv\/wp-json\/wp\/v2\/work?post=28631"}],"curies":[{"name":"wp","href":"https:\/\/api.w.org\/{rel}","templated":true}]}}